{"id":19,"date":"2024-12-01T16:56:21","date_gmt":"2024-12-01T16:56:21","guid":{"rendered":"https:\/\/mayranpera.fi\/?page_id=19"},"modified":"2025-04-01T14:24:13","modified_gmt":"2025-04-01T14:24:13","slug":"etusivu","status":"publish","type":"page","link":"https:\/\/mayranpera.fi\/","title":{"rendered":"Etusivu"},"content":{"rendered":"<div class=\"wp-block-image is-style-default\">\n<figure class=\"aligncenter size-full\"><img loading=\"lazy\" decoding=\"async\" width=\"920\" height=\"690\" src=\"https:\/\/mayranpera.fi\/wp-content\/uploads\/2024\/12\/IMG-20230525-WA0027.jpg\" alt=\"\" class=\"wp-image-20\" srcset=\"https:\/\/mayranpera.fi\/wp-content\/uploads\/2024\/12\/IMG-20230525-WA0027.jpg 920w, https:\/\/mayranpera.fi\/wp-content\/uploads\/2024\/12\/IMG-20230525-WA0027-300x225.jpg 300w, https:\/\/mayranpera.fi\/wp-content\/uploads\/2024\/12\/IMG-20230525-WA0027-768x576.jpg 768w\" sizes=\"auto, (max-width: 920px) 100vw, 920px\" \/><\/figure>\n<\/div>\n\n\n<div style=\"height:100px\" aria-hidden=\"true\" class=\"wp-block-spacer\"><\/div>\n\n\n\n<p>M\u00e4yr\u00e4nper\u00e4 on pieni pirte\u00e4 kyl\u00e4 Pyh\u00e4joen varrella. Oulaisiin on matkaa n.15km ja Haapavedelle n. 18km. Oulaisista p\u00e4in tultaessa kulkijan silmi\u00e4 hivelee laajat hyvin hoidetut pellot ja Pyh\u00e4joki, joka iloisesti virtaa kyl\u00e4n l\u00e4pi. Asukkaita kyl\u00e4ll\u00e4 on n.150. Kyl\u00e4n ik\u00e4rakenne on nuortunut, kun kyl\u00e4lle on muuttanut useita nuoria perheit\u00e4 asumaan. Kyl\u00e4n lapset k\u00e4yv\u00e4t koulua naapurikyl\u00e4ss\u00e4 Matkanivassa, pieness\u00e4 ja turvallisessa kyl\u00e4koulussa, jossa kaikki tuntevat toisensa. Taksit ja linja-autot kuljettavat lapset kouluun. Leip\u00e4ns\u00e4 m\u00e4yr\u00e4nper\u00e4set hankkivat kulkemalla l\u00e4hikunnissa t\u00f6iss\u00e4, karjataloutta on viel\u00e4 jonkin verran. Peltoja viljell\u00e4\u00e4n ahkerasti.<\/p>\n\n\n\n<p>M\u00e4yr\u00e4nper\u00e4n kyl\u00e4yhdistys ry on perustettu 1982. Kyl\u00e4yhdistyksen suurimpia hankkeita on ollut mm. kuntoradan perustaminen kyl\u00e4lle, uimaranta -hanke laitureineen ja pukukoppeineen sek\u00e4 talkoilla yhteisten postilaatikkotelineiden nikkarointi. Leader -rahoituksen turvin rakennettiin grillikota, varasto ja kioski. Viimeisimp\u00e4n\u00e4 projektina vuonna 2023 hankittiin grillikodan yhteyteen lapsille keinut sek\u00e4 hiekkalaatikko. Kuntoradan varteen pystytettiiin ulkokuntosalilaitteet. Lis\u00e4ksi kes\u00e4n 2023 aikana kunnostettiin ja maalattiin kyl\u00e4n kaikki linja-autopys\u00e4kit. Talvisin hiihtoladut pidet\u00e4\u00e4n kunnossa kyl\u00e4yhdistyksen toimesta. Kuntoradan varresta l\u00f6ytyy my\u00f6s laavu sek\u00e4 luontoaiheisia tauluja. Kannattaa k\u00e4yd\u00e4 tutustumassa!<\/p>\n\n\n\n<p>M\u00e4yr\u00e4nper\u00e4ll\u00e4 on j\u00e4rjestetty Salon lenkki juoksutapahtuma vuodesta 1986. Tapahtuma on saanut paljon positiivista palautetta juoksijoilta leppoisana kyl\u00e4tapahtumana ja juoksijoita on ollut ymp\u00e4ri Suomen. Lis\u00e4ksi j\u00e4rjest\u00e4mme paljon erilaisia jo perinteiksi muodostuneita tapahtumia, kuten p\u00e4\u00e4si\u00e4iskokko, kyl\u00e4n yhteiset pikkujoulut, onkitapahtuma yhdess\u00e4 Matkanivan osakaskunnan kanssa ym. Vuonna 2023 pidettiin my\u00f6s ensimm\u00e4isen kerran vapputapahtuma, huutokauppa sek\u00e4 grilli-ilta, jossa k\u00e4vij\u00e4t p\u00e4\u00e4siv\u00e4t nauttimaan uuden rasvakeittimen antimista. Olemme pyrkineet panostamaan tapahtumiemme mainostamiseen somessa ja otammekin innolla vastaan kaikki uudet sek\u00e4 vanhat k\u00e4vij\u00e4t!<\/p>\n\n\n\n<p>Kyl\u00e4yhdistykselt\u00e4 l\u00f6ytyy my\u00f6s rattaiden p\u00e4\u00e4ll\u00e4 oleva liikuteltava sauna, jota voi vuokrata. M\u00e4yr\u00e4n maamiesseuran vanhat ruoka-\/ kahvikalustot ovat kyl\u00e4toimikunnalla s\u00e4ilytyksess\u00e4, astioita voi vuokrata pient\u00e4 korvausta vastaan. Lis\u00e4ksi vuokrattavana ovat tapahtumateltta sek\u00e4 rasvakeitin.<\/p>\n\n\n\n<p>Kyl\u00e4yhdistys tiedottaa tapahtumista SeutuMajakan j\u00e4rjest\u00f6palstalla, nettisivuilla, facebookissa sek\u00e4 instagramissa.<\/p>\n\n\n\n<p><\/p>\n","protected":false},"excerpt":{"rendered":"<p>M\u00e4yr\u00e4nper\u00e4 on pieni pirte\u00e4 kyl\u00e4 Pyh\u00e4joen varrella. Oulaisiin on matkaa n.15km ja Haapavedelle n. 18km. Oulaisista p\u00e4in tultaessa kulkijan silmi\u00e4 hivelee laajat hyvin hoidetut pellot&hellip;<\/p>\n","protected":false},"author":1,"featured_media":0,"parent":0,"menu_order":0,"comment_status":"closed","ping_status":"closed","template":"","meta":{"footnotes":""},"class_list":["post-19","page","type-page","status-publish","hentry"],"_links":{"self":[{"href":"https:\/\/mayranpera.fi\/index.php?rest_route=\/wp\/v2\/pages\/19","targetHints":{"allow":["GET"]}}],"collection":[{"href":"https:\/\/mayranpera.fi\/index.php?rest_route=\/wp\/v2\/pages"}],"about":[{"href":"https:\/\/mayranpera.fi\/index.php?rest_route=\/wp\/v2\/types\/page"}],"author":[{"embeddable":true,"href":"https:\/\/mayranpera.fi\/index.php?rest_route=\/wp\/v2\/users\/1"}],"replies":[{"embeddable":true,"href":"https:\/\/mayranpera.fi\/index.php?rest_route=%2Fwp%2Fv2%2Fcomments&post=19"}],"version-history":[{"count":5,"href":"https:\/\/mayranpera.fi\/index.php?rest_route=\/wp\/v2\/pages\/19\/revisions"}],"predecessor-version":[{"id":92,"href":"https:\/\/mayranpera.fi\/index.php?rest_route=\/wp\/v2\/pages\/19\/revisions\/92"}],"wp:attachment":[{"href":"https:\/\/mayranpera.fi\/index.php?rest_route=%2Fwp%2Fv2%2Fmedia&parent=19"}],"curies":[{"name":"wp","href":"https:\/\/api.w.org\/{rel}","templated":true}]}}